{"id":32,"date":"2026-02-25T12:49:41","date_gmt":"2026-02-25T12:49:41","guid":{"rendered":"https:\/\/dev.verein-azar.ch\/?page_id=32"},"modified":"2026-08-19T08:24:40","modified_gmt":"2026-08-19T08:24:40","slug":"impressum","status":"publish","type":"page","link":"https:\/\/verein-azar.ch\/?page_id=32","title":{"rendered":"Impressum"},"content":{"rendered":"\n<h2 class=\"wp-block-heading\">Impressum<\/h2>\n\n\n\n<p class=\"wp-block-paragraph\">Der Verein AZAR ist verantwortlich. Sitz des Vereins ist Mattenhof 279305 Berg\/SG, Schweiz. E-Mail-Adresse ist Karl.Studach@Verein-AZAR.ch. Beate Maria Studach vertritt den Verein AZAR. Der Name des Unternehmens lautet Verein AZAR.<\/p>\n\n\n\n<p class=\"wp-block-paragraph\">Wir \u00fcbernehmen keine Gew\u00e4hr f\u00fcr die Richtigkeit, Aktualit\u00e4t, Zuverl\u00e4ssigkeit oder Vollst\u00e4ndigkeit der Informationen. Der Autor geht bei allen ver\u00f6ffentlichten Inhalten kein Haftungsrisiko ein. Alle Angebote bleiben freibleibend; der Autor beh\u00e4lt sich vor, Teile der Seiten oder das Gesamtangebot jederzeit zu ver\u00e4ndern, zu erg\u00e4nzen, zu l\u00f6schen oder die Ver\u00f6ffentlichung zeitweise oder endg\u00fcltig einzustellen.<\/p>\n\n\n\n<p class=\"wp-block-paragraph\">Verweise und Links auf Webseiten Dritter liegen au\u00dferhalb unseres Verantwortungsbereichs. Wir lehnen jegliche Verantwortung f\u00fcr solche Webseiten ab. Der Zugriff und die Nutzung solcher Webseiten erfolgen auf eigene Gefahr des Nutzers. Die Urheber- und alle anderen Rechte an Inhalten, Bildern, Fotos oder Dateien auf dieser Website geh\u00f6ren ausschlie\u00dflich dem Verein AZAR oder den genannten Rechteinhabern. F\u00fcr die Reproduktion jeglicher Elemente holt der Urheberrechtstr\u00e4ger schriftliche Zustimmung im Voraus ein. Quelle: BrainBox Solutions<\/p>\n\n\n\n<p class=\"wp-block-paragraph\"><\/p>\n","protected":false},"excerpt":{"rendered":"<p>Impressum Der Verein AZAR ist verantwortlich. Sitz des Vereins ist Mattenhof 279305 Berg\/SG, Schweiz. E-Mail-Adresse ist Karl.Studach@Verein-AZAR.ch. Beate Maria Studach vertritt den Verein AZAR. Der Name des Unternehmens lautet Verein AZAR. Wir \u00fcbernehmen keine Gew\u00e4hr f\u00fcr die Richtigkeit, Aktualit\u00e4t, Zuverl\u00e4ssigkeit oder Vollst\u00e4ndigkeit der Informationen. Der Autor geht bei allen ver\u00f6ffentlichten Inhalten kein Haftungsrisiko ein. Alle &hellip; <\/p>\n<p class=\"link-more\"><a href=\"https:\/\/verein-azar.ch\/?page_id=32\" class=\"more-link\"><span class=\"screen-reader-text\">\u201eImpressum\u201c <\/span>weiterlesen<\/a><\/p>\n","protected":false},"author":1,"featured_media":8,"parent":0,"menu_order":0,"comment_status":"closed","ping_status":"closed","template":"","meta":{"om_disable_all_campaigns":false,"_exactmetrics_skip_tracking":false,"_monsterinsights_skip_tracking":false,"footnotes":""},"class_list":["post-32","page","type-page","status-publish","has-post-thumbnail","hentry"],"aioseo_notices":[],"aioseo_head":"\n\t\t<!-- All in One SEO Pro 5.0.1.1 - aioseo.com -->\n\t<meta name=\"description\" content=\"Impressum des Gebetsraums Arbon kl\u00e4rt Verantwortlichkeiten und Haftung. Detaillierte Kontakt- und Rechtsinformationen zum Verein AZAR.\" \/>\n\t<meta name=\"robots\" content=\"max-image-preview:large\" \/>\n\t<meta name=\"google-site-verification\" content=\"RSxNqhmC8nAlAV8N4zLxo6N7eh-84C-m-jAwJLqjXmA\" \/>\n\t<link rel=\"canonical\" href=\"https:\/\/verein-azar.ch\/?page_id=32\" \/>\n\t<meta name=\"generator\" content=\"All in One SEO Pro (AIOSEO) 5.0.1.1\" \/>\n\t\t<meta property=\"og:locale\" content=\"de_DE\" \/>\n\t\t<meta property=\"og:site_name\" content=\"Gebetsraum Arbon - Wir glauben und erleben, dass Gebet helfen kann.\" \/>\n\t\t<meta property=\"og:type\" content=\"article\" \/>\n\t\t<meta property=\"og:title\" content=\"Impressum \u2013 Gebetsraum Arbon | Rechtliche Hinweise\" \/>\n\t\t<meta property=\"og:description\" content=\"Impressum des Gebetsraums Arbon kl\u00e4rt Verantwortlichkeiten und Haftung. Detaillierte Kontakt- und Rechtsinformationen zum Verein AZAR.\" \/>\n\t\t<meta property=\"og:url\" content=\"https:\/\/verein-azar.ch\/?page_id=32\" \/>\n\t\t<meta property=\"og:image\" content=\"https:\/\/verein-azar.ch\/wp-content\/uploads\/2026\/02\/hand_baum_bearbeitet-1.jpg\" \/>\n\t\t<meta property=\"og:image:secure_url\" content=\"https:\/\/verein-azar.ch\/wp-content\/uploads\/2026\/02\/hand_baum_bearbeitet-1.jpg\" \/>\n\t\t<meta property=\"og:image:width\" content=\"2403\" \/>\n\t\t<meta property=\"og:image:height\" content=\"1553\" \/>\n\t\t<meta property=\"article:published_time\" content=\"2026-02-25T12:49:41+00:00\" \/>\n\t\t<meta property=\"article:modified_time\" content=\"2026-08-19T08:24:40+00:00\" \/>\n\t\t<meta property=\"article:publisher\" content=\"https:\/\/facebook.com\/Studach\" \/>\n\t\t<meta name=\"twitter:card\" content=\"summary_large_image\" \/>\n\t\t<meta name=\"twitter:site\" content=\"@Studach\" \/>\n\t\t<meta name=\"twitter:title\" content=\"Impressum \u2013 Gebetsraum Arbon | Rechtliche Hinweise\" \/>\n\t\t<meta name=\"twitter:description\" content=\"Impressum des Gebetsraums Arbon kl\u00e4rt Verantwortlichkeiten und Haftung. Detaillierte Kontakt- und Rechtsinformationen zum Verein AZAR.\" \/>\n\t\t<meta name=\"twitter:creator\" content=\"@Studach\" \/>\n\t\t<meta name=\"twitter:image\" content=\"https:\/\/verein-azar.ch\/wp-content\/uploads\/2026\/02\/hand_baum_bearbeitet-1.jpg\" \/>\n\t\t<script type=\"application\/ld+json\" class=\"aioseo-schema\">\n\t\t\t{\"@context\":\"https:\\\/\\\/schema.org\",\"@graph\":[{\"@type\":\"BreadcrumbList\",\"@id\":\"https:\\\/\\\/verein-azar.ch\\\/?page_id=32#breadcrumblist\",\"itemListElement\":[{\"@type\":\"ListItem\",\"@id\":\"https:\\\/\\\/verein-azar.ch#listItem\",\"position\":1,\"name\":\"Home\",\"item\":\"https:\\\/\\\/verein-azar.ch\",\"nextItem\":{\"@type\":\"ListItem\",\"@id\":\"https:\\\/\\\/verein-azar.ch\\\/?page_id=32#listItem\",\"name\":\"Impressum\"}},{\"@type\":\"ListItem\",\"@id\":\"https:\\\/\\\/verein-azar.ch\\\/?page_id=32#listItem\",\"position\":2,\"name\":\"Impressum\",\"previousItem\":{\"@type\":\"ListItem\",\"@id\":\"https:\\\/\\\/verein-azar.ch#listItem\",\"name\":\"Home\"}}]},{\"@type\":\"Organization\",\"@id\":\"https:\\\/\\\/verein-azar.ch\\\/#organization\",\"name\":\"Gebetsraum Arbon\",\"description\":\"Gebetsraum Arbon Wir glauben und erleben, dass Gebet helfen kann. Wir glauben und erleben, dass Gebet helfen kann.\",\"url\":\"https:\\\/\\\/verein-azar.ch\\\/\",\"email\":\"karl.studach@beratungen-studach.ch\",\"telephone\":\"+41786124289\",\"logo\":{\"@type\":\"ImageObject\",\"url\":\"https:\\\/\\\/verein-azar.ch\\\/wp-content\\\/uploads\\\/2026\\\/02\\\/Hand_Wasser_Erde_bearbeitet-1-scaled.jpg\",\"@id\":\"https:\\\/\\\/verein-azar.ch\\\/?page_id=32\\\/#organizationLogo\",\"width\":2560,\"height\":1707,\"caption\":\"Hand watering the ground barren\"},\"image\":{\"@id\":\"https:\\\/\\\/verein-azar.ch\\\/?page_id=32\\\/#organizationLogo\"},\"sameAs\":[\"https:\\\/\\\/facebook.com\\\/Studach\",\"https:\\\/\\\/x.com\\\/Studach\",\"https:\\\/\\\/instagram.com\\\/Studach\",\"https:\\\/\\\/tiktok.com\\\/@Studach\",\"https:\\\/\\\/pinterest.com\\\/Studach\",\"https:\\\/\\\/youtube.com\\\/Studach\",\"https:\\\/\\\/linkedin.com\\\/in\\\/Studach\"],\"address\":{\"@id\":\"https:\\\/\\\/verein-azar.ch\\\/#postaladdress\",\"@type\":\"PostalAddress\",\"streetAddress\":\"Mattenhof 27\",\"postalCode\":\"9305\",\"addressRegion\":\"St. Gallen\",\"addressCountry\":\"CH\"}},{\"@type\":\"WebPage\",\"@id\":\"https:\\\/\\\/verein-azar.ch\\\/?page_id=32#webpage\",\"url\":\"https:\\\/\\\/verein-azar.ch\\\/?page_id=32\",\"name\":\"Impressum \\u2013 Gebetsraum Arbon | Rechtliche Hinweise\",\"description\":\"Impressum des Gebetsraums Arbon kl\\u00e4rt Verantwortlichkeiten und Haftung. Detaillierte Kontakt- und Rechtsinformationen zum Verein AZAR.\",\"inLanguage\":\"de-DE\",\"isPartOf\":{\"@id\":\"https:\\\/\\\/verein-azar.ch\\\/#website\"},\"breadcrumb\":{\"@id\":\"https:\\\/\\\/verein-azar.ch\\\/?page_id=32#breadcrumblist\"},\"image\":{\"@type\":\"ImageObject\",\"url\":\"https:\\\/\\\/verein-azar.ch\\\/wp-content\\\/uploads\\\/2026\\\/02\\\/business-card-418600_1280_bearbeitet-1.jpg\",\"@id\":\"https:\\\/\\\/verein-azar.ch\\\/?page_id=32\\\/#mainImage\",\"width\":1280,\"height\":531,\"caption\":\"Impressum\"},\"primaryImageOfPage\":{\"@id\":\"https:\\\/\\\/verein-azar.ch\\\/?page_id=32#mainImage\"},\"datePublished\":\"2026-02-25T12:49:41+00:00\",\"dateModified\":\"2026-08-19T08:24:40+00:00\"},{\"@type\":\"WebSite\",\"@id\":\"https:\\\/\\\/verein-azar.ch\\\/#website\",\"url\":\"https:\\\/\\\/verein-azar.ch\\\/\",\"name\":\"Gebetsraum Arbon\",\"alternateName\":\"Verein-AZAR\",\"description\":\"Wir glauben und erleben, dass Gebet helfen kann.\",\"inLanguage\":\"de-DE\",\"publisher\":{\"@id\":\"https:\\\/\\\/verein-azar.ch\\\/#organization\"}}]}\n\t\t<\/script>\n\t\t<!-- All in One SEO Pro -->\r\n\t\t<title>Impressum \u2013 Gebetsraum Arbon | Rechtliche Hinweise<\/title>\n\n","aioseo_head_json":{"title":"Impressum \u2013 Gebetsraum Arbon | Rechtliche Hinweise","description":"Impressum des Gebetsraums Arbon kl\u00e4rt Verantwortlichkeiten und Haftung. Detaillierte Kontakt- und Rechtsinformationen zum Verein AZAR.","canonical_url":"https:\/\/verein-azar.ch\/?page_id=32","robots":"max-image-preview:large","keywords":"","webmasterTools":{"google-site-verification":"RSxNqhmC8nAlAV8N4zLxo6N7eh-84C-m-jAwJLqjXmA","miscellaneous":""},"schema":{"@context":"https:\/\/schema.org","@graph":[{"@type":"BreadcrumbList","@id":"https:\/\/verein-azar.ch\/?page_id=32#breadcrumblist","itemListElement":[{"@type":"ListItem","@id":"https:\/\/verein-azar.ch#listItem","position":1,"name":"Home","item":"https:\/\/verein-azar.ch","nextItem":{"@type":"ListItem","@id":"https:\/\/verein-azar.ch\/?page_id=32#listItem","name":"Impressum"}},{"@type":"ListItem","@id":"https:\/\/verein-azar.ch\/?page_id=32#listItem","position":2,"name":"Impressum","previousItem":{"@type":"ListItem","@id":"https:\/\/verein-azar.ch#listItem","name":"Home"}}]},{"@type":"Organization","@id":"https:\/\/verein-azar.ch\/#organization","name":"Gebetsraum Arbon","description":"Gebetsraum Arbon Wir glauben und erleben, dass Gebet helfen kann. Wir glauben und erleben, dass Gebet helfen kann.","url":"https:\/\/verein-azar.ch\/","email":"karl.studach@beratungen-studach.ch","telephone":"+41786124289","logo":{"@type":"ImageObject","url":"https:\/\/verein-azar.ch\/wp-content\/uploads\/2026\/02\/Hand_Wasser_Erde_bearbeitet-1-scaled.jpg","@id":"https:\/\/verein-azar.ch\/?page_id=32\/#organizationLogo","width":2560,"height":1707,"caption":"Hand watering the ground barren"},"image":{"@id":"https:\/\/verein-azar.ch\/?page_id=32\/#organizationLogo"},"sameAs":["https:\/\/facebook.com\/Studach","https:\/\/x.com\/Studach","https:\/\/instagram.com\/Studach","https:\/\/tiktok.com\/@Studach","https:\/\/pinterest.com\/Studach","https:\/\/youtube.com\/Studach","https:\/\/linkedin.com\/in\/Studach"],"address":{"@id":"https:\/\/verein-azar.ch\/#postaladdress","@type":"PostalAddress","streetAddress":"Mattenhof 27","postalCode":"9305","addressRegion":"St. Gallen","addressCountry":"CH"}},{"@type":"WebPage","@id":"https:\/\/verein-azar.ch\/?page_id=32#webpage","url":"https:\/\/verein-azar.ch\/?page_id=32","name":"Impressum \u2013 Gebetsraum Arbon | Rechtliche Hinweise","description":"Impressum des Gebetsraums Arbon kl\u00e4rt Verantwortlichkeiten und Haftung. Detaillierte Kontakt- und Rechtsinformationen zum Verein AZAR.","inLanguage":"de-DE","isPartOf":{"@id":"https:\/\/verein-azar.ch\/#website"},"breadcrumb":{"@id":"https:\/\/verein-azar.ch\/?page_id=32#breadcrumblist"},"image":{"@type":"ImageObject","url":"https:\/\/verein-azar.ch\/wp-content\/uploads\/2026\/02\/business-card-418600_1280_bearbeitet-1.jpg","@id":"https:\/\/verein-azar.ch\/?page_id=32\/#mainImage","width":1280,"height":531,"caption":"Impressum"},"primaryImageOfPage":{"@id":"https:\/\/verein-azar.ch\/?page_id=32#mainImage"},"datePublished":"2026-02-25T12:49:41+00:00","dateModified":"2026-08-19T08:24:40+00:00"},{"@type":"WebSite","@id":"https:\/\/verein-azar.ch\/#website","url":"https:\/\/verein-azar.ch\/","name":"Gebetsraum Arbon","alternateName":"Verein-AZAR","description":"Wir glauben und erleben, dass Gebet helfen kann.","inLanguage":"de-DE","publisher":{"@id":"https:\/\/verein-azar.ch\/#organization"}}]},"og:locale":"de_DE","og:site_name":"Gebetsraum Arbon - Wir glauben und erleben, dass Gebet helfen kann.","og:type":"article","og:title":"Impressum \u2013 Gebetsraum Arbon | Rechtliche Hinweise","og:description":"Impressum des Gebetsraums Arbon kl\u00e4rt Verantwortlichkeiten und Haftung. Detaillierte Kontakt- und Rechtsinformationen zum Verein AZAR.","og:url":"https:\/\/verein-azar.ch\/?page_id=32","og:image":"https:\/\/verein-azar.ch\/wp-content\/uploads\/2026\/02\/hand_baum_bearbeitet-1.jpg","og:image:secure_url":"https:\/\/verein-azar.ch\/wp-content\/uploads\/2026\/02\/hand_baum_bearbeitet-1.jpg","og:image:width":2403,"og:image:height":1553,"article:published_time":"2026-02-25T12:49:41+00:00","article:modified_time":"2026-08-19T08:24:40+00:00","article:publisher":"https:\/\/facebook.com\/Studach","twitter:card":"summary_large_image","twitter:site":"@Studach","twitter:title":"Impressum \u2013 Gebetsraum Arbon | Rechtliche Hinweise","twitter:description":"Impressum des Gebetsraums Arbon kl\u00e4rt Verantwortlichkeiten und Haftung. Detaillierte Kontakt- und Rechtsinformationen zum Verein AZAR.","twitter:creator":"@Studach","twitter:image":"https:\/\/verein-azar.ch\/wp-content\/uploads\/2026\/02\/hand_baum_bearbeitet-1.jpg"},"aioseo_meta_data":{"post_id":"32","title":"Impressum \u2013 Gebetsraum Arbon | Rechtliche Hinweise","description":"Impressum des Gebetsraums Arbon kl\u00e4rt Verantwortlichkeiten und Haftung. Detaillierte Kontakt- und Rechtsinformationen zum Verein AZAR.","keywords":null,"keyphrases":{"focus":{"keyphrase":"Impressum","score":0,"analysis":[]},"additional":[]},"primary_term":null,"canonical_url":null,"og_title":null,"og_description":null,"og_object_type":"default","og_image_type":"default","og_image_url":null,"og_image_width":null,"og_image_height":null,"og_image_custom_url":null,"og_image_custom_fields":null,"og_video":"","og_custom_url":null,"og_article_section":null,"og_article_tags":null,"twitter_use_og":false,"twitter_card":"default","twitter_image_type":"default","twitter_image_url":null,"twitter_image_custom_url":null,"twitter_image_custom_fields":null,"twitter_title":null,"twitter_description":null,"schema":{"blockGraphs":[],"customGraphs":[],"default":{"data":{"Article":[],"Course":[],"Dataset":[],"FAQPage":[],"Movie":[],"Person":[],"Product":[],"ProductReview":[],"Car":[],"Recipe":[],"Service":[],"SoftwareApplication":[],"WebPage":[]},"graphName":"WebPage","isEnabled":true},"graphs":[]},"schema_type":"default","schema_type_options":null,"pillar_content":false,"robots_default":true,"robots_noindex":false,"robots_noarchive":false,"robots_nosnippet":false,"robots_nofollow":false,"robots_noimageindex":false,"robots_noodp":false,"robots_notranslate":false,"robots_max_snippet":"-1","robots_max_videopreview":"-1","robots_max_imagepreview":"large","priority":null,"frequency":"default","local_seo":null,"breadcrumb_settings":null,"limit_modified_date":false,"ai":{"faqs":[],"keyPoints":[],"schemas":[],"titles":[],"descriptions":[],"socialPosts":{"email":{"subject":"","preview":"","content":""},"linkedin":[],"twitter":[],"facebook":[],"instagram":[]}},"created":"2026-03-05 10:07:29","updated":"2026-08-25 13:01:59","seo_analyzer_scan_date":"2026-08-25 13:01:59","focus_keyword":"Impressum","additional_keywords":null,"truseo_locale":null,"reviewed_by":null},"aioseo_breadcrumb":"<div class=\"aioseo-breadcrumbs\"><span class=\"aioseo-breadcrumb\">\n\t<a href=\"https:\/\/verein-azar.ch\" title=\"Home\">Home<\/a>\n<\/span><span class=\"aioseo-breadcrumb-separator\">&raquo;<\/span><span class=\"aioseo-breadcrumb\">\n\tImpressum\n<\/span><\/div>","aioseo_breadcrumb_json":[{"label":"Home","link":"https:\/\/verein-azar.ch"},{"label":"Impressum","link":"https:\/\/verein-azar.ch\/?page_id=32"}],"_links":{"self":[{"href":"https:\/\/verein-azar.ch\/index.php?rest_route=\/wp\/v2\/pages\/32","targetHints":{"allow":["GET"]}}],"collection":[{"href":"https:\/\/verein-azar.ch\/index.php?rest_route=\/wp\/v2\/pages"}],"about":[{"href":"https:\/\/verein-azar.ch\/index.php?rest_route=\/wp\/v2\/types\/page"}],"author":[{"embeddable":true,"href":"https:\/\/verein-azar.ch\/index.php?rest_route=\/wp\/v2\/users\/1"}],"replies":[{"embeddable":true,"href":"https:\/\/verein-azar.ch\/index.php?rest_route=%2Fwp%2Fv2%2Fcomments&post=32"}],"version-history":[{"count":4,"href":"https:\/\/verein-azar.ch\/index.php?rest_route=\/wp\/v2\/pages\/32\/revisions"}],"predecessor-version":[{"id":380,"href":"https:\/\/verein-azar.ch\/index.php?rest_route=\/wp\/v2\/pages\/32\/revisions\/380"}],"wp:featuredmedia":[{"embeddable":true,"href":"https:\/\/verein-azar.ch\/index.php?rest_route=\/wp\/v2\/media\/8"}],"wp:attachment":[{"href":"https:\/\/verein-azar.ch\/index.php?rest_route=%2Fwp%2Fv2%2Fmedia&parent=32"}],"curies":[{"name":"wp","href":"https:\/\/api.w.org\/{rel}","templated":true}]}}